{"id":3631,"date":"2022-04-13T00:09:55","date_gmt":"2022-04-13T00:09:55","guid":{"rendered":"https:\/\/yecora.com\/equipo\/"},"modified":"2023-07-31T11:53:41","modified_gmt":"2023-07-31T11:53:41","slug":"equipo","status":"publish","type":"page","link":"https:\/\/yecora.com\/es\/equipo\/","title":{"rendered":"Equipo"},"content":{"rendered":"<div class=\"gb-container gb-container-5ac95363 alignwide\">\n<div class=\"gb-container gb-container-2040277e\">\n\n<h3 class=\"gb-headline gb-headline-762e5250 gb-headline-text\">Nuestro equipo es especialista en Gesti\u00f3n Empresarial,  <br>en Derecho de la Propiedad Intelectual e Industrial y en Ingenier\u00eda (industrial y qu\u00edmica).<\/h3>\n\n\n\n<p class=\"gb-headline gb-headline-e930dbb4 gb-headline-text\">Esta interdisciplinariedad aporta a nuestros clientes una visi\u00f3n de los casos al conjunto basada en el conocimiento y la experiencia y al mismo tiempo en la creatividad en los enfoques; que nos permite obtener un alto porcentaje de logros en los casos que llevamos.<\/p>\n\n<\/div>\n<\/div>\n\n<div class=\"gb-container gb-container-4ae3ab95 alignfull\">\n<div class=\"gb-container gb-container-e0edcce5\">\n\n<h2 class=\"gb-headline gb-headline-3bd55ad2 gb-headline-text\">\u00c1rea de asesoramiento empresarial  <\/h2>\n\n\n\n<h3 class=\"gb-headline gb-headline-813294d4 gb-headline-text\">\u00c1NGELES Y\u00c9CORA GALLASTEGUI  <\/h3>\n\n\n\n<h4 class=\"gb-headline gb-headline-f9f64fb7 gb-headline-text\">Titular de la agencia<\/h4>\n\n\n<div class=\"gb-grid-wrapper gb-grid-wrapper-c94d905f\">\n<div class=\"gb-grid-column gb-grid-column-e7e85e47\"><div class=\"gb-container gb-container-e7e85e47\">\n\n<figure class=\"wp-block-image size-full is-resized\"><img loading=\"lazy\" decoding=\"async\" src=\"https:\/\/yecora.com\/wp-content\/uploads\/2023\/07\/Angels-Yecora-Gallastegui-1.jpg\" alt=\"\" class=\"wp-image-2727\" width=\"347\" height=\"345\"\/><\/figure>\n\n<\/div><\/div>\n\n<div class=\"gb-grid-column gb-grid-column-bc29c6d7\"><div class=\"gb-container gb-container-bc29c6d7\">\n\n<p class=\"gb-headline gb-headline-1c4f5009 gb-headline-text\">Es Agente de Marcas y Dise\u00f1os de la Uni\u00f3n Europea e Internacionales; siendo representante Profesional Oficial ante la EUIPO (European Union Intelectual Property Office) y tambi\u00e9n ante la OMPI (Oficina Mundial de la Propiedad Intelectual).<\/p>\n\n\n\n<p class=\"gb-headline gb-headline-2e24e3f2 gb-headline-text\">Tambi\u00e9n es Agente Oficial de la Propiedad Industrial en Espa\u00f1a, colegiada, habiendo logrado esta titulaci\u00f3n por oposici\u00f3n ante el Ministerio de Industria de Espa\u00f1a.<\/p>\n\n\n\n<p class=\"gb-headline gb-headline-bf3687dc gb-headline-text\">\u00c0ngels es, adem\u00e1s, M\u00e1ster en Gesti\u00f3n y Administraci\u00f3n de Empresas por la Escuela Superior ESADE; habiendo obtenido la titulaci\u00f3n de: MIM: Master in International Management.<\/p>\n\n\n\n<p class=\"gb-headline gb-headline-3b2b99ff gb-headline-text\">Con anterioridad se licenci\u00f3 en Filosof\u00eda y Ciencias de la Educaci\u00f3n en la Universidad de Barcelona. (UB).<\/p>\n\n\n\n<p class=\"gb-headline gb-headline-d0083a85 gb-headline-text\">Conoce varias lenguas a nivel hablado y escrito: Catal\u00e1n, Castellano, Ingl\u00e9s, Franc\u00e9s y Alem\u00e1n.  <br><br>Se dedica desde hace m\u00e1s de 20 a\u00f1os al asesoramiento y gesti\u00f3n en la v\u00eda administrativa de los Activos de Propiedad Industrial e Intelectual de diversas empresas y entidades en los \u00e1mbitos p\u00fablico y privado; teniendo como especializaci\u00f3n la estrategia de defensa de signos distintivos y dise\u00f1os.<\/p>\n\n<\/div><\/div>\n<\/div>\n<\/div>\n<\/div>\n\n<div class=\"gb-container gb-container-4031d253 alignfull\">\n<div class=\"gb-container gb-container-9da7d8c6\">\n\n<h2 class=\"gb-headline gb-headline-e65cbcea gb-headline-text\">\u00c1rea Jur\u00eddica  <\/h2>\n\n\n\n<h3 class=\"gb-headline gb-headline-2d74c025 gb-headline-text\">JOSEP CRUANYES TOR  <\/h3>\n\n\n\n<h4 class=\"gb-headline gb-headline-8761ac40 gb-headline-text\">Abogado  <\/h4>\n\n\n<div class=\"gb-grid-wrapper gb-grid-wrapper-fcf3deff\">\n<div class=\"gb-grid-column gb-grid-column-23b5bef4\"><div class=\"gb-container gb-container-23b5bef4\">\n\n<figure class=\"wp-block-image size-full is-resized\"><img loading=\"lazy\" decoding=\"async\" src=\"https:\/\/yecora.com\/wp-content\/uploads\/2023\/07\/Cruanyes.jpg\" alt=\"\" class=\"wp-image-2723\" width=\"348\" height=\"313\" srcset=\"https:\/\/yecora.com\/wp-content\/uploads\/2023\/07\/Cruanyes.jpg 511w, https:\/\/yecora.com\/wp-content\/uploads\/2023\/07\/Cruanyes-300x269.jpg 300w\" sizes=\"auto, (max-width: 348px) 100vw, 348px\" \/><\/figure>\n\n<\/div><\/div>\n\n<div class=\"gb-grid-column gb-grid-column-3f01886f\"><div class=\"gb-container gb-container-3f01886f\">\n\n<p class=\"gb-headline gb-headline-0e49367e gb-headline-text\">Es abogado en ejercicio desde el a\u00f1o 1985; especializado en Derecho de la Propiedad Intelectual e Industrial y en Derechos del Patrimonio Cultural.<\/p>\n\n\n\n<p class=\"gb-headline gb-headline-54f5155f gb-headline-text\">Jos\u00e9 proviene de una estirpe de abogados, adem\u00e1s del Derecho ha cultivado tambi\u00e9n su pasi\u00f3n por el conocimiento de la Historia.<\/p>\n\n\n\n<p class=\"gb-headline gb-headline-852668d5 gb-headline-text\">Por eso, adem\u00e1s de haberse licenciado en Derecho por la Universidad de Barcelona, \u200b\u200bes tambi\u00e9n licenciado en Historia por la misma Universidad.<\/p>\n\n\n\n<p class=\"gb-headline gb-headline-2296aff2 gb-headline-text\">Entre los cargos representativos que ha tenido destacan el haber sido Jefe de la Secci\u00f3n de Derecho de la Propiedad Intelectual del Colegio de Abogados de Barcelona, \u200b\u200by tambi\u00e9n haber sido director de la Agencia de Protecci\u00f3n de Datos de Catalu\u00f1a.  <\/p>\n\n\n\n<p class=\"gb-headline gb-headline-b44b7ab1 gb-headline-text\">Asesora a m\u00faltiples asociaciones de creadores en las que participa muchas veces tambi\u00e9n como miembro de sus juntas de gobierno. En el despacho lleva la actividad contenciosa y en general todos los pleitos en representaci\u00f3n de nuestros clientes; siendo su estilo muy incisivo, creativo y sobre todo muy efectivo con excelentes resultados.  <\/p>\n\n<\/div><\/div>\n<\/div>\n<\/div>\n<\/div>\n\n<div class=\"gb-container gb-container-f810ab88 alignfull\">\n<div class=\"gb-container gb-container-8a3a0c4c\">\n\n<h2 class=\"gb-headline gb-headline-0497d9d4 gb-headline-text\">\u00c1rea T\u00e9cnica  <\/h2>\n\n\n\n<h3 class=\"gb-headline gb-headline-6436221f gb-headline-text\">RAMON PE\u00d1ALOSA RODR\u00cdGUEZ<\/h3>\n\n\n\n<h4 class=\"gb-headline gb-headline-8d977a3d gb-headline-text\">T\u00e9cnico colaborador &#8211; Profesional independiente  <\/h4>\n\n\n\n<p>Ingeniero Industrial, especializado en la rama de Maquinaria, desde 1985.  <\/p>\n\n\n\n<p>Ramon destaca en el asesoramiento y redacci\u00f3n de memorias de patentes y modelos de utilidad desde el a\u00f1o 1990.<\/p>\n\n\n\n<p>El punto fuerte de Ramon es que combina su actividad profesional con la de perito judicial especializado en la valoraci\u00f3n de las condiciones de patentabilidad (novedad, y actividad inventiva sobre todo), cuesti\u00f3n que le hace muy buen conocedor de las caracter\u00edsticas y forma que deben tener las memorias t\u00e9cnicas para ser efectivas.  <\/p>\n\n<\/div>\n<\/div>","protected":false},"excerpt":{"rendered":"<p>Nuestro equipo es especialista en Gesti\u00f3n Empresarial, en Derecho de la Propiedad Intelectual e Industrial y en Ingenier\u00eda (industrial y qu\u00edmica). Esta interdisciplinariedad aporta a nuestros clientes una visi\u00f3n de &#8230; <\/p>\n<p class=\"read-more-container\"><a title=\"Equipo\" class=\"read-more button\" href=\"https:\/\/yecora.com\/es\/equipo\/#more-3631\" aria-label=\"Leer m\u00e1s sobre Equipo\">Leer m\u00e1s<\/a><\/p>\n","protected":false},"author":1,"featured_media":3379,"parent":0,"menu_order":0,"comment_status":"closed","ping_status":"closed","template":"","meta":{"om_disable_all_campaigns":false,"_monsterinsights_skip_tracking":false,"_monsterinsights_sitenote_active":false,"_monsterinsights_sitenote_note":"","_monsterinsights_sitenote_category":0,"footnotes":""},"class_list":{"0":"post-3631","1":"page","2":"type-page","3":"status-publish","4":"has-post-thumbnail","6":"infinite-scroll-item","7":"resize-featured-image"},"yoast_head":"<!-- This site is optimized with the Yoast SEO plugin v24.2 - https:\/\/yoast.com\/wordpress\/plugins\/seo\/ -->\n<title>Equipo - Yecora Patent Agency<\/title>\n<meta name=\"robots\" content=\"index, follow, max-snippet:-1, max-image-preview:large, max-video-preview:-1\" \/>\n<link rel=\"canonical\" href=\"https:\/\/yecora.com\/es\/equipo\/\" \/>\n<meta property=\"og:locale\" content=\"es_ES\" \/>\n<meta property=\"og:type\" content=\"article\" \/>\n<meta property=\"og:title\" content=\"Equipo - Yecora Patent Agency\" \/>\n<meta property=\"og:description\" content=\"Nuestro equipo es especialista en Gesti\u00f3n Empresarial, en Derecho de la Propiedad Intelectual e Industrial y en Ingenier\u00eda (industrial y qu\u00edmica). Esta interdisciplinariedad aporta a nuestros clientes una visi\u00f3n de ... Leer m\u00e1s\" \/>\n<meta property=\"og:url\" content=\"https:\/\/yecora.com\/es\/equipo\/\" \/>\n<meta property=\"og:site_name\" content=\"Yecora Patent Agency\" \/>\n<meta property=\"article:modified_time\" content=\"2023-07-31T11:53:41+00:00\" \/>\n<meta property=\"og:image\" content=\"https:\/\/yecora.com\/wp-content\/uploads\/2023\/07\/pinya-castellers-yecora-registre-marques-scaled.jpg\" \/>\n\t<meta property=\"og:image:width\" content=\"2560\" \/>\n\t<meta property=\"og:image:height\" content=\"1707\" \/>\n\t<meta property=\"og:image:type\" content=\"image\/jpeg\" \/>\n<meta name=\"twitter:card\" content=\"summary_large_image\" \/>\n<meta name=\"twitter:label1\" content=\"Tiempo de lectura\" \/>\n\t<meta name=\"twitter:data1\" content=\"3 minutos\" \/>\n<script type=\"application\/ld+json\" class=\"yoast-schema-graph\">{\"@context\":\"https:\/\/schema.org\",\"@graph\":[{\"@type\":\"WebPage\",\"@id\":\"https:\/\/yecora.com\/es\/equipo\/\",\"url\":\"https:\/\/yecora.com\/es\/equipo\/\",\"name\":\"Equipo - Yecora Patent Agency\",\"isPartOf\":{\"@id\":\"https:\/\/yecora.com\/#website\"},\"primaryImageOfPage\":{\"@id\":\"https:\/\/yecora.com\/es\/equipo\/#primaryimage\"},\"image\":{\"@id\":\"https:\/\/yecora.com\/es\/equipo\/#primaryimage\"},\"thumbnailUrl\":\"https:\/\/yecora.com\/wp-content\/uploads\/2023\/07\/pinya-castellers-yecora-registre-marques-scaled.jpg\",\"datePublished\":\"2022-04-13T00:09:55+00:00\",\"dateModified\":\"2023-07-31T11:53:41+00:00\",\"breadcrumb\":{\"@id\":\"https:\/\/yecora.com\/es\/equipo\/#breadcrumb\"},\"inLanguage\":\"es\",\"potentialAction\":[{\"@type\":\"ReadAction\",\"target\":[\"https:\/\/yecora.com\/es\/equipo\/\"]}]},{\"@type\":\"ImageObject\",\"inLanguage\":\"es\",\"@id\":\"https:\/\/yecora.com\/es\/equipo\/#primaryimage\",\"url\":\"https:\/\/yecora.com\/wp-content\/uploads\/2023\/07\/pinya-castellers-yecora-registre-marques-scaled.jpg\",\"contentUrl\":\"https:\/\/yecora.com\/wp-content\/uploads\/2023\/07\/pinya-castellers-yecora-registre-marques-scaled.jpg\",\"width\":2560,\"height\":1707},{\"@type\":\"BreadcrumbList\",\"@id\":\"https:\/\/yecora.com\/es\/equipo\/#breadcrumb\",\"itemListElement\":[{\"@type\":\"ListItem\",\"position\":1,\"name\":\"Inici\",\"item\":\"https:\/\/yecora.com\/es\/inicio\/\"},{\"@type\":\"ListItem\",\"position\":2,\"name\":\"Equipo\"}]},{\"@type\":\"WebSite\",\"@id\":\"https:\/\/yecora.com\/#website\",\"url\":\"https:\/\/yecora.com\/\",\"name\":\"Yecora Patent Agency\",\"description\":\"Agentes patentes y marcas, Agencia de patentes, Barcelona, Marcas UE, Marcas Uni\u00f3n Europea, Dise\u00f1os UE, Marcas internacionales, Patentes Barcelona, Propiedad Intelectual, Propiedad Industrial, Derechos de autor, Patentes, Copyright, Agents patents i marques, Ag\u00e8ncia de patents, Barcelona, Marques UE, Marques Uni\u00f3 Europea, Dissenys UE, Marques internacionals, Patents Barcelona, Propietat Intel\u00b7lectual, Propietat Industrial, Drets d&#039;autor, Patents, Copyright, Patent and trademark agents, Patent Agency, Barcelona, EU Trademarks, European Union Trademarks, EU Designs, International Trademarks, Barcelona Patents, Intellectual Property, Industrial Property, Copyright, Patents, Copyright\",\"publisher\":{\"@id\":\"https:\/\/yecora.com\/#organization\"},\"potentialAction\":[{\"@type\":\"SearchAction\",\"target\":{\"@type\":\"EntryPoint\",\"urlTemplate\":\"https:\/\/yecora.com\/?s={search_term_string}\"},\"query-input\":{\"@type\":\"PropertyValueSpecification\",\"valueRequired\":true,\"valueName\":\"search_term_string\"}}],\"inLanguage\":\"es\"},{\"@type\":\"Organization\",\"@id\":\"https:\/\/yecora.com\/#organization\",\"name\":\"Yecora Patent Agency\",\"alternateName\":\"Yecora\",\"url\":\"https:\/\/yecora.com\/\",\"logo\":{\"@type\":\"ImageObject\",\"inLanguage\":\"es\",\"@id\":\"https:\/\/yecora.com\/#\/schema\/logo\/image\/\",\"url\":\"https:\/\/yecora.com\/wp-content\/uploads\/2023\/05\/logo_yecora_patent_agency.png\",\"contentUrl\":\"https:\/\/yecora.com\/wp-content\/uploads\/2023\/05\/logo_yecora_patent_agency.png\",\"width\":210,\"height\":66,\"caption\":\"Yecora Patent Agency\"},\"image\":{\"@id\":\"https:\/\/yecora.com\/#\/schema\/logo\/image\/\"}}]}<\/script>\n<!-- \/ Yoast SEO plugin. -->","yoast_head_json":{"title":"Equipo - Yecora Patent Agency","robots":{"index":"index","follow":"follow","max-snippet":"max-snippet:-1","max-image-preview":"max-image-preview:large","max-video-preview":"max-video-preview:-1"},"canonical":"https:\/\/yecora.com\/es\/equipo\/","og_locale":"es_ES","og_type":"article","og_title":"Equipo - Yecora Patent Agency","og_description":"Nuestro equipo es especialista en Gesti\u00f3n Empresarial, en Derecho de la Propiedad Intelectual e Industrial y en Ingenier\u00eda (industrial y qu\u00edmica). Esta interdisciplinariedad aporta a nuestros clientes una visi\u00f3n de ... Leer m\u00e1s","og_url":"https:\/\/yecora.com\/es\/equipo\/","og_site_name":"Yecora Patent Agency","article_modified_time":"2023-07-31T11:53:41+00:00","og_image":[{"width":2560,"height":1707,"url":"https:\/\/yecora.com\/wp-content\/uploads\/2023\/07\/pinya-castellers-yecora-registre-marques-scaled.jpg","type":"image\/jpeg"}],"twitter_card":"summary_large_image","twitter_misc":{"Tiempo de lectura":"3 minutos"},"schema":{"@context":"https:\/\/schema.org","@graph":[{"@type":"WebPage","@id":"https:\/\/yecora.com\/es\/equipo\/","url":"https:\/\/yecora.com\/es\/equipo\/","name":"Equipo - Yecora Patent Agency","isPartOf":{"@id":"https:\/\/yecora.com\/#website"},"primaryImageOfPage":{"@id":"https:\/\/yecora.com\/es\/equipo\/#primaryimage"},"image":{"@id":"https:\/\/yecora.com\/es\/equipo\/#primaryimage"},"thumbnailUrl":"https:\/\/yecora.com\/wp-content\/uploads\/2023\/07\/pinya-castellers-yecora-registre-marques-scaled.jpg","datePublished":"2022-04-13T00:09:55+00:00","dateModified":"2023-07-31T11:53:41+00:00","breadcrumb":{"@id":"https:\/\/yecora.com\/es\/equipo\/#breadcrumb"},"inLanguage":"es","potentialAction":[{"@type":"ReadAction","target":["https:\/\/yecora.com\/es\/equipo\/"]}]},{"@type":"ImageObject","inLanguage":"es","@id":"https:\/\/yecora.com\/es\/equipo\/#primaryimage","url":"https:\/\/yecora.com\/wp-content\/uploads\/2023\/07\/pinya-castellers-yecora-registre-marques-scaled.jpg","contentUrl":"https:\/\/yecora.com\/wp-content\/uploads\/2023\/07\/pinya-castellers-yecora-registre-marques-scaled.jpg","width":2560,"height":1707},{"@type":"BreadcrumbList","@id":"https:\/\/yecora.com\/es\/equipo\/#breadcrumb","itemListElement":[{"@type":"ListItem","position":1,"name":"Inici","item":"https:\/\/yecora.com\/es\/inicio\/"},{"@type":"ListItem","position":2,"name":"Equipo"}]},{"@type":"WebSite","@id":"https:\/\/yecora.com\/#website","url":"https:\/\/yecora.com\/","name":"Yecora Patent Agency","description":"Agentes patentes y marcas, Agencia de patentes, Barcelona, Marcas UE, Marcas Uni\u00f3n Europea, Dise\u00f1os UE, Marcas internacionales, Patentes Barcelona, Propiedad Intelectual, Propiedad Industrial, Derechos de autor, Patentes, Copyright, Agents patents i marques, Ag\u00e8ncia de patents, Barcelona, Marques UE, Marques Uni\u00f3 Europea, Dissenys UE, Marques internacionals, Patents Barcelona, Propietat Intel\u00b7lectual, Propietat Industrial, Drets d&#039;autor, Patents, Copyright, Patent and trademark agents, Patent Agency, Barcelona, EU Trademarks, European Union Trademarks, EU Designs, International Trademarks, Barcelona Patents, Intellectual Property, Industrial Property, Copyright, Patents, Copyright","publisher":{"@id":"https:\/\/yecora.com\/#organization"},"potentialAction":[{"@type":"SearchAction","target":{"@type":"EntryPoint","urlTemplate":"https:\/\/yecora.com\/?s={search_term_string}"},"query-input":{"@type":"PropertyValueSpecification","valueRequired":true,"valueName":"search_term_string"}}],"inLanguage":"es"},{"@type":"Organization","@id":"https:\/\/yecora.com\/#organization","name":"Yecora Patent Agency","alternateName":"Yecora","url":"https:\/\/yecora.com\/","logo":{"@type":"ImageObject","inLanguage":"es","@id":"https:\/\/yecora.com\/#\/schema\/logo\/image\/","url":"https:\/\/yecora.com\/wp-content\/uploads\/2023\/05\/logo_yecora_patent_agency.png","contentUrl":"https:\/\/yecora.com\/wp-content\/uploads\/2023\/05\/logo_yecora_patent_agency.png","width":210,"height":66,"caption":"Yecora Patent Agency"},"image":{"@id":"https:\/\/yecora.com\/#\/schema\/logo\/image\/"}}]}},"_links":{"self":[{"href":"https:\/\/yecora.com\/es\/wp-json\/wp\/v2\/pages\/3631","targetHints":{"allow":["GET"]}}],"collection":[{"href":"https:\/\/yecora.com\/es\/wp-json\/wp\/v2\/pages"}],"about":[{"href":"https:\/\/yecora.com\/es\/wp-json\/wp\/v2\/types\/page"}],"author":[{"embeddable":true,"href":"https:\/\/yecora.com\/es\/wp-json\/wp\/v2\/users\/1"}],"replies":[{"embeddable":true,"href":"https:\/\/yecora.com\/es\/wp-json\/wp\/v2\/comments?post=3631"}],"version-history":[{"count":1,"href":"https:\/\/yecora.com\/es\/wp-json\/wp\/v2\/pages\/3631\/revisions"}],"predecessor-version":[{"id":3889,"href":"https:\/\/yecora.com\/es\/wp-json\/wp\/v2\/pages\/3631\/revisions\/3889"}],"wp:featuredmedia":[{"embeddable":true,"href":"https:\/\/yecora.com\/es\/wp-json\/wp\/v2\/media\/3379"}],"wp:attachment":[{"href":"https:\/\/yecora.com\/es\/wp-json\/wp\/v2\/media?parent=3631"}],"curies":[{"name":"wp","href":"https:\/\/api.w.org\/{rel}","templated":true}]}}